{"id":10,"date":"2023-09-25T09:17:04","date_gmt":"2023-09-25T09:17:04","guid":{"rendered":"https:\/\/muremzapolskimmundurem.org\/?page_id=10"},"modified":"2024-06-06T15:35:05","modified_gmt":"2024-06-06T15:35:05","slug":"strona-glowna","status":"publish","type":"page","link":"https:\/\/muremzapolskimmundurem.org\/","title":{"rendered":"Strona g\u0142\u00f3wna"},"content":{"rendered":"<p>[et_pb_section fb_built=&#8221;1&#8243; fullwidth=&#8221;on&#8221; disabled_on=&#8221;off|off|off&#8221; _builder_version=&#8221;4.21.0&#8243; _module_preset=&#8221;default&#8221; global_colors_info=&#8221;{}&#8221;][et_pb_fullwidth_image src=&#8221;https:\/\/muremzapolskimmundurem.org\/wp-content\/uploads\/2024\/06\/MuremZaPolskimMundurem-1920&#215;890-2-1.jpg&#8221; title_text=&#8221;MuremZaPolskimMundurem-1920&#215;890-2&#8243; url=&#8221;#petition&#8221; src_tablet=&#8221;https:\/\/muremzapolskimmundurem.org\/wp-content\/uploads\/2024\/06\/MuremZaPolskimMundurem-1920&#215;890-2-1.jpg&#8221; src_phone=&#8221;https:\/\/muremzapolskimmundurem.org\/wp-content\/uploads\/2024\/06\/MuremZaPolskimMundurem-1200&#215;1200-2.jpg&#8221; src_last_edited=&#8221;on|phone&#8221; _builder_version=&#8221;4.25.1&#8243; _module_preset=&#8221;default&#8221; hover_enabled=&#8221;0&#8243; global_colors_info=&#8221;{}&#8221; sticky_enabled=&#8221;0&#8243;][\/et_pb_fullwidth_image][\/et_pb_section][et_pb_section fb_built=&#8221;1&#8243; _builder_version=&#8221;4.20.4&#8243; _module_preset=&#8221;default&#8221; global_colors_info=&#8221;{}&#8221;][et_pb_row _builder_version=&#8221;4.22.2&#8243; _module_preset=&#8221;default&#8221; custom_padding=&#8221;1px|||||&#8221; global_colors_info=&#8221;{}&#8221;][et_pb_column type=&#8221;4_4&#8243; _builder_version=&#8221;4.22.2&#8243; _module_preset=&#8221;default&#8221; global_colors_info=&#8221;{}&#8221;][et_pb_text _builder_version=&#8221;4.22.2&#8243; _module_preset=&#8221;default&#8221; text_font_size=&#8221;19px&#8221; text_line_height=&#8221;1.5em&#8221; custom_margin=&#8221;38px|||||&#8221; global_colors_info=&#8221;{}&#8221;]<\/p>\n<h1 style=\"text-align: center;\"><strong>Apel do uczestnik\u00f3w polskiego \u017cycia publicznego<\/strong><\/h1>\n<p>[\/et_pb_text][\/et_pb_column][\/et_pb_row][et_pb_row column_structure=&#8221;1_2,1_2&#8243; module_class=&#8221;reverse-col&#8221; _builder_version=&#8221;4.21.0&#8243; _module_preset=&#8221;default&#8221; width_tablet=&#8221;&#8221; width_phone=&#8221;96%&#8221; width_last_edited=&#8221;on|phone&#8221; custom_padding=&#8221;||9px|||&#8221; global_colors_info=&#8221;{}&#8221;][et_pb_column type=&#8221;1_2&#8243; _builder_version=&#8221;4.20.4&#8243; _module_preset=&#8221;default&#8221; global_colors_info=&#8221;{}&#8221;][et_pb_text _builder_version=&#8221;4.22.2&#8243; _module_preset=&#8221;default&#8221; text_font_size=&#8221;16px&#8221; text_line_height=&#8221;1.4em&#8221; width_tablet=&#8221;&#8221; width_phone=&#8221;85%&#8221; width_last_edited=&#8221;on|phone&#8221; module_alignment=&#8221;center&#8221; custom_padding_tablet=&#8221;&#8221; custom_padding_phone=&#8221;50px||||false|false&#8221; custom_padding_last_edited=&#8221;on|phone&#8221; global_colors_info=&#8221;{}&#8221;]<\/p>\n<p class=\"p1\"><span style=\"font-size: medium;\">Prezydent RP, Zwierzchnik Si\u0142 Zbrojnych<br \/>Andrzej Duda<\/span><\/p>\n<p class=\"p1\"><span style=\"font-size: medium;\">Premier RP<\/span><br \/><span style=\"font-size: medium;\">Donald Tusk<\/span><\/p>\n<p class=\"p1\"><span style=\"font-size: medium;\">Prokurator Generalny<\/span><br \/><span style=\"font-size: medium;\">Adam Bodnar<\/span><\/p>\n<p>[\/et_pb_text][et_pb_text _builder_version=&#8221;4.25.1&#8243; _module_preset=&#8221;default&#8221; text_font_size=&#8221;18px&#8221; text_line_height=&#8221;1.4em&#8221; width_tablet=&#8221;&#8221; width_phone=&#8221;85%&#8221; width_last_edited=&#8221;on|phone&#8221; module_alignment=&#8221;center&#8221; custom_padding=&#8221;||1px|||&#8221; custom_padding_tablet=&#8221;&#8221; custom_padding_phone=&#8221;50px||||false|false&#8221; custom_padding_last_edited=&#8221;on|phone&#8221; global_colors_info=&#8221;{}&#8221;]<\/p>\n<p class=\"p1\" style=\"margin: 0cm; margin-bottom: .0001pt; text-align: justify; line-height: 16.8pt; vertical-align: baseline;\"><span style=\"font-size: medium;\">Od 2021 roku trwa nieustanna agresja hybrydowa obcych s\u0142u\u017cb na wschodnie granice Polski, a tym samym granice wschodniej flanki NATO, jak\u0105 Moskwa i Mi\u0144sk rozpocz\u0119\u0142y ju\u017c p\u00f3\u0142 roku przed napa\u015bci\u0105 na Ukrain\u0119. Rosja i Bia\u0142oru\u015b pr\u00f3buj\u0105 zala\u0107 nasz kraj przyt\u0142aczaj\u0105c\u0105 fal\u0105 nielegalnych imigrant\u00f3w. Sprowadzani przez bia\u0142oruskich przemytnik\u00f3w ludzie, cz\u0119sto zdesperowani i agresywni, stali si\u0119 narz\u0119dziem w walce re\u017cimu Aleksandra \u0141ukaszenki z Polsk\u0105. W obliczu tej agresji, polscy funkcjonariusze Stra\u017cy Granicznej, Wojska Polskiego, Policji oraz wszystkich innych s\u0142u\u017cb zaanga\u017cowanych w strze\u017cenie granicy, wykonuj\u0105 sw\u00f3j obowi\u0105zek obrony Rzeczpospolitej w spos\u00f3b nienaganny i zas\u0142uguj\u0105cy na pochwa\u0142\u0119, okazuj\u0105c opanowanie, nienaganny profesjonalizm i nios\u0105c pomoc tym, kt\u00f3rzy jej potrzebuj\u0105. \u017bo\u0142nierze po\u015bwi\u0119caj\u0105 przy tym zdrowie, a jak si\u0119 niedawno okaza\u0142o, r\u00f3wnie\u017c \u017cycie. Jeden z \u017co\u0142nierzy 1 Brygady Pancernej odda\u0142 \u017cycie za bezpiecze\u0144stwo naszego kraju.<\/span><\/p>\n<p>[\/et_pb_text][\/et_pb_column][et_pb_column type=&#8221;1_2&#8243; module_id=&#8221;petition&#8221; _builder_version=&#8221;4.20.4&#8243; _module_preset=&#8221;default&#8221; global_colors_info=&#8221;{}&#8221;][et_pb_code _builder_version=&#8221;4.22.2&#8243; _module_preset=&#8221;default&#8221; global_colors_info=&#8221;{}&#8221;]<iframe class=\"oi-form\" data-formid=\"157\" src=\"https:\/\/f.ordoiuris.pl\/\/form\/157?rest_route=%2Fwp%2Fv2%2Fpages%2F10\" type=\"text\/html\" style=\"width:100%;\"><\/iframe>[\/et_pb_code][\/et_pb_column][\/et_pb_row][et_pb_row _builder_version=&#8221;4.20.4&#8243; _module_preset=&#8221;default&#8221; custom_margin=&#8221;-13px|auto||auto||&#8221; custom_padding=&#8221;11px|||||&#8221; global_colors_info=&#8221;{}&#8221;][et_pb_column type=&#8221;4_4&#8243; _builder_version=&#8221;4.20.4&#8243; _module_preset=&#8221;default&#8221; global_colors_info=&#8221;{}&#8221;][et_pb_text _builder_version=&#8221;4.22.2&#8243; _module_preset=&#8221;default&#8221; text_font_size=&#8221;18px&#8221; text_line_height=&#8221;1.4em&#8221; custom_margin=&#8221;10px|||||&#8221; global_colors_info=&#8221;{}&#8221;]<\/p>\n<p style=\"text-align: justify;\"><span style=\"font-size: medium;\">Niestety, agresywni imigranci u\u017cywaj\u0105 coraz bardziej wymy\u015blnych form atakowania polskich obro\u0144c\u00f3w granic. W ostatnim czasie rany odnios\u0142o kilku \u017co\u0142nierzy, a jeden poni\u00f3s\u0142 \u015bmier\u0107 na skutek u\u017cycia przez agresor\u00f3w niebezpiecznych narz\u0119dzi, takich jak prowizoryczne w\u0142\u00f3cznie. W tej sytuacji \u017co\u0142nierze maj\u0105 prawo a nawet obowi\u0105zek u\u017cycia \u015brodk\u00f3w przymusu, w tym broni palnej. Niestety, wed\u0142ug doniesie\u0144 medialnych trzech \u017co\u0142nierzy, kt\u00f3rzy oddali strza\u0142y ostrzegawcze w kierunku napieraj\u0105cej grupy imigrant\u00f3w zosta\u0142o aresztowanych przez \u017bandarmeri\u0119 Wojskow\u0105, a prokuratura postawi\u0142a im zarzuty przekroczenia uprawnie\u0144 oraz nara\u017cenia \u017cycia innych os\u00f3b. Nie do przyj\u0119cia jest przyjmowanie przez organy w\u0142adzy pa\u0144stwowej narracji kreowanej od trzech lat przez zwolennik\u00f3w nieograniczonej imigracji i przeciwnik\u00f3w obrony granic, kt\u00f3rzy oskar\u017cali polskich funkcjonariuszy o zbrodnie. Prokuratura do\u0142\u0105czy\u0142a do ch\u00f3ru celebryt\u00f3w pluj\u0105cych na polski mundur. Jest to niebezpieczne dzia\u0142anie antypa\u0144stwowe, obni\u017caj\u0105ce morale polskich \u017co\u0142nierzy, kt\u00f3ra uniemo\u017cliwia im obron\u0119 przed napastnikami u\u017cywaj\u0105cymi no\u017cy i niebezpiecznych narz\u0119dzi. Dzia\u0142ania maj\u0105ce na celu parali\u017c s\u0142u\u017cb na granicy oraz os\u0142abienie motywacji \u017co\u0142nierzy nale\u017cy jednoznacznie pot\u0119pi\u0107 jako dzia\u0142ania u\u0142atwiaj\u0105ce osi\u0105gni\u0119cie cel\u00f3w rosyjskiej i bia\u0142oruskiej agresji hybrydowej.<\/span><\/p>\n<p style=\"text-align: justify;\"><span style=\"font-size: medium;\">Jako polscy patrioci pragniemy w tym trudnym dla Polski momencie zaapelowa\u0107 do wszystkich uczestnik\u00f3w polskiego \u017cycia publicznego o zaprzestanie szargania \u015bwi\u0119to\u015bci narodowych i konstytucyjnych oraz okazanie zaufania polskim \u017co\u0142nierzom, kt\u00f3rzy z wielkim po\u015bwi\u0119ceniem broni\u0105 polskich granic. W polskim kodzie kulturowym zawsze obecny by\u0142 wysoki szacunek dla polskiego munduru oraz wszystkich zaanga\u017cowanych w obron\u0119 polskiej pa\u0144stwowo\u015bci oraz suwerenno\u015bci. Dlatego wyra\u017camy sw\u00f3j gniew w odpowiedzi na pr\u00f3by sparali\u017cowania obro\u0144c\u00f3w granic przez stawienie polskim \u017co\u0142nierzom absurdalnych zarzut\u00f3w karnych. Dzia\u0142anie to niew\u0105tpliwie jest kontynuacj\u0105 wcze\u015bniejszych niebezpiecznych dzia\u0142a\u0144 os\u00f3b i instytucji wsp\u00f3\u0142tworz\u0105cych \u017cycie publiczne w naszym kraju, kt\u00f3re atakuj\u0105 polskich obro\u0144c\u00f3w granic, przy pomocy k\u0142amstw i manipulacji. Kolejne krzywdz\u0105ce wypowiedzi polityk\u00f3w, w\u0105tpliwej wiarygodno\u015bci utwory, takie jak film Agnieszki Holland \u201eZielona Granica\u201d oraz pr\u00f3by upolitycznienia kryzysu migracyjnego uwa\u017camy za godne pot\u0119pienia. Jednocze\u015bnie pragniemy okaza\u0107 wdzi\u0119czno\u015b\u0107 oraz pe\u0142n\u0105 solidarno\u015b\u0107 z wszystkimi lud\u017ami zaanga\u017cowanymi w ochron\u0119 polskich granic.<\/span><\/p>\n<p style=\"text-align: justify;\"><span style=\"font-size: medium;\">Domagamy si\u0119 od w\u0142adz pa\u0144stwowych zwi\u0119kszenia uprawnie\u0144 polskich \u017co\u0142nierzy i funkcjonariuszy innych s\u0142u\u017cb mundurowych pe\u0142ni\u0105cych s\u0142u\u017cb\u0119 na granicy z Bia\u0142orusi\u0105, aby nigdy wi\u0119cej, \u017caden \u017co\u0142nierz nie mia\u0142 w\u0105tpliwo\u015bci, \u017ce ma prawo broni\u0107 siebie i Ojczyzny, przed agresywnymi napastnikami ze wschodu. Wzywamy Prokuratora Generalnego do powzi\u0119cia wszelkich dzia\u0142a\u0144 prawnych, maj\u0105cych na celu zapewnienie bezpiecze\u0144stwa, mo\u017cliwo\u015bci skutecznego dzia\u0142ania i ochron\u0119 dobrego imienia obro\u0144c\u00f3w granic.<\/span><\/p>\n<p style=\"text-align: right;\"><span style=\"font-size: medium;\">\u00a0<\/span><\/p>\n<p style=\"text-align: right;\"><span style=\"font-size: medium;\">Polacy zatroskani o obron\u0119 Ojczyzny.<\/span><\/p>\n<p>[\/et_pb_text][\/et_pb_column][\/et_pb_row][\/et_pb_section][et_pb_section fb_built=&#8221;1&#8243; prev_background_color=&#8221;#ffffff&#8221; _builder_version=&#8221;4.20.4&#8243; _module_preset=&#8221;default&#8221; background_color=&#8221;#f7f7f7&#8243; custom_padding=&#8221;89px|||||&#8221; top_divider_style=&#8221;slant2&#8243; top_divider_height=&#8221;20px&#8221; global_colors_info=&#8221;{}&#8221;][et_pb_row _builder_version=&#8221;4.22.2&#8243; _module_preset=&#8221;default&#8221; custom_padding=&#8221;1px|||||&#8221; global_colors_info=&#8221;{}&#8221;][et_pb_column type=&#8221;4_4&#8243; _builder_version=&#8221;4.22.2&#8243; _module_preset=&#8221;default&#8221; global_colors_info=&#8221;{}&#8221;][et_pb_text _builder_version=&#8221;4.22.2&#8243; _module_preset=&#8221;default&#8221; text_font_size=&#8221;19px&#8221; text_line_height=&#8221;1.5em&#8221; custom_margin=&#8221;38px|||||&#8221; global_colors_info=&#8221;{}&#8221;]<\/p>\n<h1 style=\"text-align: center;\"><strong>Prokuratura chce skazania polskich \u017co\u0142nierzy za obron\u0119 granic<\/strong><\/h1>\n<p>[\/et_pb_text][\/et_pb_column][\/et_pb_row][et_pb_row column_structure=&#8221;3_5,2_5&#8243; _builder_version=&#8221;4.22.2&#8243; _module_preset=&#8221;default&#8221; global_colors_info=&#8221;{}&#8221;][et_pb_column type=&#8221;3_5&#8243; _builder_version=&#8221;4.20.4&#8243; _module_preset=&#8221;default&#8221; global_colors_info=&#8221;{}&#8221;][et_pb_text _builder_version=&#8221;4.22.2&#8243; _module_preset=&#8221;default&#8221; text_font_size=&#8221;19px&#8221; text_line_height=&#8221;1.5em&#8221; min_height=&#8221;406.5px&#8221; custom_margin=&#8221;66px|||||&#8221; custom_padding=&#8221;||0px|||&#8221; global_colors_info=&#8221;{}&#8221;]<\/p>\n<p>Agresywni nielegalni imigranci szturmuj\u0105cy na zlecenie rz\u0105d\u00f3w Putina i \u0141ukaszenki polsk\u0105 granic\u0119 staj\u0105 si\u0119 coraz bardziej niebezpieczni. <strong>6 czerwca \u015bmier\u0107 poni\u00f3s\u0142 \u017co\u0142nierz 1 Brygady Pancernej, ugodzony wcze\u015bniej w klatk\u0119 piersiow\u0105 no\u017cem przymocowanym do kija, kt\u00f3rym zaatakowa\u0142 go nielegalny imigrant. Mateusz odda\u0142 \u017cycie za Polsk\u0119.<\/strong><\/p>\n<p>Wcze\u015bniej do szpitala trafili r\u00f3wnie\u017c inni \u017co\u0142nierze ranni w wyniku ataku nielegalnych imigrant\u00f3w, kt\u00f3rzy u\u017cywaj\u0105 kamieni, niebezpiecznych narz\u0119dzi, szklanych butelek czy no\u017cy podczas swoich najazd\u00f3w. W obliczu takiej agresji oczywistym jest, \u017ce \u017co\u0142nierze powinni mie\u0107 prawo do u\u017cycia \u015brodk\u00f3w przymusu oraz broni palnej. Niestety, wed\u0142ug doniesie\u0144 medialnych trzech \u017co\u0142nierzy, kt\u00f3rzy oddali strza\u0142y ostrzegawcze w kierunku napieraj\u0105cej grupy imigrant\u00f3w zosta\u0142o aresztowanych przez \u017bandarmeri\u0119 Wojskow\u0105, a prokuratura postawi\u0142a im zarzuty przekroczenia uprawnie\u0144 oraz nara\u017cenia \u017cycia innych os\u00f3b.<\/p>\n<p>To wr\u0119cz zdradziecki atak na obro\u0144c\u00f3w polskich granic, na kt\u00f3ry nie mo\u017ce by\u0107 spo\u0142ecznego przyzwolenia.<\/p>\n<p class=\"p1\">\n<p>[\/et_pb_text][et_pb_button button_url=&#8221;#petition&#8221; button_text=&#8221;Nie godz\u0119 si\u0119 na skazywanie polskich \u017co\u0142nierzy&#8221; button_alignment=&#8221;left&#8221; _builder_version=&#8221;4.25.1&#8243; _module_preset=&#8221;default&#8221; custom_button=&#8221;on&#8221; button_text_size=&#8221;22px&#8221; button_text_color=&#8221;#FFFFFF&#8221; button_bg_color=&#8221;#c61b1b&#8221; button_border_width=&#8221;0px&#8221; button_border_radius=&#8221;100px&#8221; button_use_icon=&#8221;off&#8221; global_colors_info=&#8221;{}&#8221;][\/et_pb_button][\/et_pb_column][et_pb_column type=&#8221;2_5&#8243; _builder_version=&#8221;4.20.4&#8243; _module_preset=&#8221;default&#8221; global_colors_info=&#8221;{}&#8221;][et_pb_image src=&#8221;https:\/\/muremzapolskimmundurem.org\/wp-content\/uploads\/2024\/06\/onet.png&#8221; title_text=&#8221;onet&#8221; _builder_version=&#8221;4.25.1&#8243; _module_preset=&#8221;default&#8221; custom_margin=&#8221;65px||||false|false&#8221; box_shadow_style=&#8221;preset2&#8243; box_shadow_horizontal=&#8221;12px&#8221; global_colors_info=&#8221;{}&#8221;][\/et_pb_image][\/et_pb_column][\/et_pb_row][\/et_pb_section][et_pb_section fb_built=&#8221;1&#8243; prev_background_color=&#8221;#000000&#8243; _builder_version=&#8221;4.20.4&#8243; _module_preset=&#8221;default&#8221; background_color=&#8221;#f7f7f7&#8243; custom_padding=&#8221;89px|||||&#8221; top_divider_style=&#8221;slant2&#8243; top_divider_height=&#8221;20px&#8221; global_colors_info=&#8221;{}&#8221;][et_pb_row _builder_version=&#8221;4.22.2&#8243; _module_preset=&#8221;default&#8221; custom_padding=&#8221;1px|||||&#8221; global_colors_info=&#8221;{}&#8221;][et_pb_column type=&#8221;4_4&#8243; _builder_version=&#8221;4.22.2&#8243; _module_preset=&#8221;default&#8221; global_colors_info=&#8221;{}&#8221;][et_pb_text _builder_version=&#8221;4.22.2&#8243; _module_preset=&#8221;default&#8221; text_font_size=&#8221;19px&#8221; text_line_height=&#8221;1.5em&#8221; custom_margin=&#8221;38px|||||&#8221; global_colors_info=&#8221;{}&#8221;]<\/p>\n<h1 style=\"text-align: center;\"><strong>Ataki na polskich funkcjonariuszy Stra\u017cy Granicznej i \u017co\u0142nierzy trwaj\u0105<\/strong><\/h1>\n<p>[\/et_pb_text][\/et_pb_column][\/et_pb_row][et_pb_row column_structure=&#8221;3_5,2_5&#8243; _builder_version=&#8221;4.22.2&#8243; _module_preset=&#8221;default&#8221; global_colors_info=&#8221;{}&#8221;][et_pb_column type=&#8221;3_5&#8243; _builder_version=&#8221;4.20.4&#8243; _module_preset=&#8221;default&#8221; global_colors_info=&#8221;{}&#8221;][et_pb_text _builder_version=&#8221;4.22.2&#8243; _module_preset=&#8221;default&#8221; text_font_size=&#8221;19px&#8221; text_line_height=&#8221;1.5em&#8221; custom_margin=&#8221;66px|||||&#8221; global_colors_info=&#8221;{}&#8221;]<\/p>\n<p>Jednym z bardziej spektakularnych atak\u00f3w na honor polskich \u017co\u0142nierzy by\u0142a premiera filmu Agnieszki Holland pt. \u201eZielona Granica\u201d. Komentatorzy \u017cycia publicznego oraz internauci nie pozostawili suchej nitki na tym propagandowym utworze. Przedstawiony on zosta\u0142 jako opis sytuacji na granicy Polski, cho\u0107 prezentowane w nim sceny nie maj\u0105 wi\u0119kszego zwi\u0105zku z rzeczywisto\u015bci\u0105, a z polskich obro\u0144c\u00f3w granic zrobiono potwory torturuj\u0105ce imigrant\u00f3w. Przekaz p\u0142yn\u0105cy z tego filmu jest jak \u017cywcem wyj\u0119ty z antypolskiej propagandy Kremla, kt\u00f3ra pr\u00f3buje oczerni\u0107 nasz kraj na arenie mi\u0119dzynarodowej wykorzystuj\u0105c do tego r\u00f3wnie\u017c szanta\u017c migracyjny.<\/p>\n<p>[\/et_pb_text][et_pb_button button_url=&#8221;#petition&#8221; button_text=&#8221;Nie godz\u0119 si\u0119 na plucie na polski mundur \u2013 podpisuj\u0119 apel&#8221; button_alignment=&#8221;left&#8221; _builder_version=&#8221;4.22.2&#8243; _module_preset=&#8221;default&#8221; custom_button=&#8221;on&#8221; button_text_size=&#8221;22px&#8221; button_text_color=&#8221;#FFFFFF&#8221; button_bg_color=&#8221;#c61b1b&#8221; button_border_width=&#8221;0px&#8221; button_border_radius=&#8221;100px&#8221; button_use_icon=&#8221;off&#8221; global_colors_info=&#8221;{}&#8221;][\/et_pb_button][\/et_pb_column][et_pb_column type=&#8221;2_5&#8243; _builder_version=&#8221;4.20.4&#8243; _module_preset=&#8221;default&#8221; global_colors_info=&#8221;{}&#8221;][et_pb_image src=&#8221;https:\/\/muremzapolskimmundurem.org\/wp-content\/uploads\/2023\/09\/image.jpg&#8221; title_text=&#8221;image&#8221; align=&#8221;right&#8221; disabled_on=&#8221;off|off|off&#8221; _builder_version=&#8221;4.22.2&#8243; _module_preset=&#8221;default&#8221; width=&#8221;88%&#8221; custom_margin=&#8221;||7px|||&#8221; border_radii=&#8221;on|10px|10px|10px|10px&#8221; box_shadow_style=&#8221;preset1&#8243; global_colors_info=&#8221;{}&#8221;][\/et_pb_image][et_pb_text _builder_version=&#8221;4.22.2&#8243; _module_preset=&#8221;default&#8221; text_font_size=&#8221;14px&#8221; text_line_height=&#8221;1.5em&#8221; custom_margin=&#8221;||||false|false&#8221; global_colors_info=&#8221;{}&#8221;]<\/p>\n<p class=\"p1\" style=\"text-align: right;\">Plakat promocyjny film A. Holland<\/p>\n<p>[\/et_pb_text][\/et_pb_column][\/et_pb_row][\/et_pb_section][et_pb_section fb_built=&#8221;1&#8243; _builder_version=&#8221;4.22.2&#8243; _module_preset=&#8221;default&#8221; background_color=&#8221;rgba(0,0,0,0.73)&#8221; background_image=&#8221;https:\/\/muremzapolskimmundurem.org\/wp-content\/uploads\/2023\/09\/AdobeStock_83457966.jpg&#8221; background_blend=&#8221;darken&#8221; custom_padding=&#8221;138px||133px||false|false&#8221; global_colors_info=&#8221;{}&#8221;][et_pb_row _builder_version=&#8221;4.20.4&#8243; _module_preset=&#8221;default&#8221; custom_margin=&#8221;|auto|2px|auto||&#8221; global_colors_info=&#8221;{}&#8221;][et_pb_column type=&#8221;4_4&#8243; _builder_version=&#8221;4.20.4&#8243; _module_preset=&#8221;default&#8221; global_colors_info=&#8221;{}&#8221;][et_pb_text _builder_version=&#8221;4.22.2&#8243; _module_preset=&#8221;default&#8221; text_text_color=&#8221;#FFFFFF&#8221; text_font_size=&#8221;21px&#8221; text_line_height=&#8221;1.4em&#8221; header_2_text_color=&#8221;#FFFFFF&#8221; global_colors_info=&#8221;{}&#8221;]<\/p>\n<h2 class=\"p1\" style=\"text-align: center;\"><strong>Stra\u017cnicy Graniczni na stra\u017cy \u015bwi\u0119to\u015bci narodowych i konstytucyjnych<\/strong><\/h2>\n<p>[\/et_pb_text][\/et_pb_column][\/et_pb_row][et_pb_row _builder_version=&#8221;4.22.2&#8243; _module_preset=&#8221;default&#8221; background_color=&#8221;rgba(10,10,10,0.34)&#8221; custom_margin=&#8221;|auto|2px|auto||&#8221; border_radii=&#8221;on|5px|5px|5px|5px&#8221; border_width_all=&#8221;3px&#8221; border_color_all=&#8221;#E02B20&#8243; global_colors_info=&#8221;{}&#8221;][et_pb_column type=&#8221;4_4&#8243; _builder_version=&#8221;4.20.4&#8243; _module_preset=&#8221;default&#8221; global_colors_info=&#8221;{}&#8221;][et_pb_text _builder_version=&#8221;4.22.2&#8243; _module_preset=&#8221;default&#8221; text_text_color=&#8221;#FFFFFF&#8221; text_font_size=&#8221;21px&#8221; text_line_height=&#8221;1.4em&#8221; header_2_text_color=&#8221;#FFFFFF&#8221; global_colors_info=&#8221;{}&#8221;]<\/p>\n<p class=\"p2\" style=\"text-align: center;\"><i>\u201eRzeczpospolita Polska strze\u017ce niepodleg\u0142o\u015bci i nienaruszalno\u015bci swojego terytorium\u201d<br \/><\/i>Art. 5 Konstytucji RP<\/p>\n<p>[\/et_pb_text][\/et_pb_column][\/et_pb_row][et_pb_row _builder_version=&#8221;4.22.2&#8243; _module_preset=&#8221;default&#8221; global_colors_info=&#8221;{}&#8221;][et_pb_column type=&#8221;4_4&#8243; _builder_version=&#8221;4.22.2&#8243; _module_preset=&#8221;default&#8221; global_colors_info=&#8221;{}&#8221;][et_pb_text _builder_version=&#8221;4.22.2&#8243; _module_preset=&#8221;default&#8221; text_text_color=&#8221;#FFFFFF&#8221; text_font_size=&#8221;21px&#8221; text_line_height=&#8221;1.4em&#8221; header_2_text_color=&#8221;#FFFFFF&#8221; global_colors_info=&#8221;{}&#8221;]<\/p>\n<p class=\"p2\" style=\"text-align: center;\">Polscy funkcjonariusze Stra\u017cy Granicznej, Wojska Polskiego, Policji oraz wszystkich innych s\u0142u\u017cb zaanga\u017cowanych na granicy wykonuj\u0105 sw\u00f3j obowi\u0105zek obrony Rzeczpospolitej w spos\u00f3b nienaganny i zas\u0142uguj\u0105cy na najwy\u017csz\u0105 pochwa\u0142\u0119.<\/p>\n<p>[\/et_pb_text][et_pb_button button_url=&#8221;#petition&#8221; button_text=&#8221;Solidaryzuje si\u0119 z polskimi \u017co\u0142nierzami \u2013 podpisuj\u0119 apel&#8221; button_alignment=&#8221;center&#8221; _builder_version=&#8221;4.22.2&#8243; _module_preset=&#8221;default&#8221; custom_button=&#8221;on&#8221; button_text_size=&#8221;22px&#8221; button_text_color=&#8221;#E02B20&#8243; button_bg_color=&#8221;#ffffff&#8221; button_border_width=&#8221;0px&#8221; button_border_radius=&#8221;100px&#8221; global_colors_info=&#8221;{}&#8221;][\/et_pb_button][\/et_pb_column][\/et_pb_row][\/et_pb_section][et_pb_section fb_built=&#8221;1&#8243; prev_background_color=&#8221;rgba(0,0,0,0.73)&#8221; _builder_version=&#8221;4.21.0&#8243; _module_preset=&#8221;default&#8221; background_color=&#8221;#ffffff&#8221; custom_padding=&#8221;89px||65px|||&#8221; top_divider_style=&#8221;slant2&#8243; top_divider_height=&#8221;20px&#8221; global_colors_info=&#8221;{}&#8221;][et_pb_row _builder_version=&#8221;4.22.2&#8243; _module_preset=&#8221;default&#8221; global_colors_info=&#8221;{}&#8221;][et_pb_column type=&#8221;4_4&#8243; _builder_version=&#8221;4.20.4&#8243; _module_preset=&#8221;default&#8221; global_colors_info=&#8221;{}&#8221;][et_pb_text _builder_version=&#8221;4.22.2&#8243; _module_preset=&#8221;default&#8221; text_font_size=&#8221;21px&#8221; text_line_height=&#8221;1.5em&#8221; custom_margin=&#8221;10px|||||&#8221; global_colors_info=&#8221;{}&#8221;]<\/p>\n<p style=\"text-align: center;\">Niestety wiele os\u00f3b i instytucji wsp\u00f3\u0142tworz\u0105cych \u017cycie publiczne w naszym kraju wci\u0105\u017c atakuje polskich obro\u0144c\u00f3w granic, uciekaj\u0105c si\u0119 do szerzenia nieprawdy na ich temat i do manipulacji faktami. Kolejne krzywdz\u0105ce wypowiedzi polityk\u00f3w, w\u0105tpliwej wiarygodno\u015bci utwory oraz pr\u00f3by wykorzystania kryzysu migracyjnego do rozgrywek partyjnych, uwa\u017camy za godne pot\u0119pienia. Dlatego pragniemy okaza\u0107 stra\u017cnikom granic nasz\u0105 wdzi\u0119czno\u015b\u0107 za ich oddan\u0105 s\u0142u\u017cb\u0119.<\/p>\n<p>[\/et_pb_text][\/et_pb_column][\/et_pb_row][et_pb_row _builder_version=&#8221;4.20.4&#8243; _module_preset=&#8221;default&#8221; global_colors_info=&#8221;{}&#8221;][et_pb_column type=&#8221;4_4&#8243; _builder_version=&#8221;4.20.4&#8243; _module_preset=&#8221;default&#8221; global_colors_info=&#8221;{}&#8221;][et_pb_button button_url=&#8221;#petition&#8221; button_text=&#8221;Dzi\u0119kuj\u0119 \u017co\u0142nierzom i stra\u017cnikom granicznym \u2013 podpisuj\u0119 apel&#8221; button_alignment=&#8221;center&#8221; _builder_version=&#8221;4.25.1&#8243; _module_preset=&#8221;default&#8221; custom_button=&#8221;on&#8221; button_text_size=&#8221;22px&#8221; button_text_color=&#8221;#FFFFFF&#8221; button_bg_color=&#8221;#c61b1b&#8221; button_border_width=&#8221;0px&#8221; button_border_radius=&#8221;100px&#8221; global_colors_info=&#8221;{}&#8221;][\/et_pb_button][\/et_pb_column][\/et_pb_row][\/et_pb_section]<\/p>\n","protected":false},"excerpt":{"rendered":"<p>Apel do uczestnik\u00f3w polskiego \u017cycia publicznegoPrezydent RP, Zwierzchnik Si\u0142 ZbrojnychAndrzej Duda Premier RPDonald Tusk Prokurator GeneralnyAdam BodnarOd 2021 roku trwa nieustanna agresja hybrydowa obcych s\u0142u\u017cb na wschodnie granice Polski, a tym samym granice wschodniej flanki NATO, jak\u0105 Moskwa i Mi\u0144sk rozpocz\u0119\u0142y ju\u017c p\u00f3\u0142 roku przed napa\u015bci\u0105 na Ukrain\u0119. Rosja i Bia\u0142oru\u015b pr\u00f3buj\u0105 zala\u0107 nasz kraj [&hellip;]<\/p>\n","protected":false},"author":2,"featured_media":208,"parent":0,"menu_order":0,"comment_status":"closed","ping_status":"closed","template":"","meta":{"_et_pb_use_builder":"on","_et_pb_old_content":"","_et_gb_content_width":"","footnotes":""},"class_list":["post-10","page","type-page","status-publish","has-post-thumbnail","hentry"],"yoast_head":"<!-- This site is optimized with the Yoast SEO plugin v27.5 - https:\/\/yoast.com\/product\/yoast-seo-wordpress\/ -->\n<title>Murem za Polskim Mundurem<\/title>\n<meta name=\"robots\" content=\"index, follow, max-snippet:-1, max-image-preview:large, max-video-preview:-1\" \/>\n<link rel=\"canonical\" href=\"https:\/\/muremzapolskimmundurem.org\/\" \/>\n<meta property=\"og:locale\" content=\"pl_PL\" \/>\n<meta property=\"og:type\" content=\"article\" \/>\n<meta property=\"og:title\" content=\"Murem za Polskim Mundurem\" \/>\n<meta property=\"og:description\" content=\"Sta\u0144 po stronie polskich \u017co\u0142nierzy\" \/>\n<meta property=\"og:url\" content=\"https:\/\/muremzapolskimmundurem.org\/\" \/>\n<meta property=\"og:site_name\" content=\"Murem za Polskim Mundurem\" \/>\n<meta property=\"article:modified_time\" content=\"2024-06-06T15:35:05+00:00\" \/>\n<meta property=\"og:image\" content=\"https:\/\/muremzapolskimmundurem.org\/wp-content\/uploads\/2024\/06\/MuremZaPolskimMundurem-1200x628-2.jpg\" \/>\n\t<meta property=\"og:image:width\" content=\"1200\" \/>\n\t<meta property=\"og:image:height\" content=\"628\" \/>\n\t<meta property=\"og:image:type\" content=\"image\/jpeg\" \/>\n<meta name=\"twitter:card\" content=\"summary_large_image\" \/>\n<meta name=\"twitter:title\" content=\"Murem za Polskim Mundurem\" \/>\n<meta name=\"twitter:description\" content=\"Sta\u0144 po stronie polskich \u017co\u0142nierzy\" \/>\n<meta name=\"twitter:image\" content=\"https:\/\/muremzapolskimmundurem.org\/wp-content\/uploads\/2024\/06\/MuremZaPolskimMundurem-1200x628-2.jpg\" \/>\n<meta name=\"twitter:label1\" content=\"Szacowany czas czytania\" \/>\n\t<meta name=\"twitter:data1\" content=\"7 minut\" \/>\n<script type=\"application\/ld+json\" class=\"yoast-schema-graph\">{\"@context\":\"https:\\\/\\\/schema.org\",\"@graph\":[{\"@type\":\"WebPage\",\"@id\":\"https:\\\/\\\/muremzapolskimmundurem.org\\\/\",\"url\":\"https:\\\/\\\/muremzapolskimmundurem.org\\\/\",\"name\":\"Murem za Polskim Mundurem\",\"isPartOf\":{\"@id\":\"https:\\\/\\\/muremzapolskimmundurem.org\\\/#website\"},\"primaryImageOfPage\":{\"@id\":\"https:\\\/\\\/muremzapolskimmundurem.org\\\/#primaryimage\"},\"image\":{\"@id\":\"https:\\\/\\\/muremzapolskimmundurem.org\\\/#primaryimage\"},\"thumbnailUrl\":\"https:\\\/\\\/muremzapolskimmundurem.org\\\/wp-content\\\/uploads\\\/2024\\\/06\\\/MuremZaPolskimMundurem-1200x628-2.jpg\",\"datePublished\":\"2023-09-25T09:17:04+00:00\",\"dateModified\":\"2024-06-06T15:35:05+00:00\",\"breadcrumb\":{\"@id\":\"https:\\\/\\\/muremzapolskimmundurem.org\\\/#breadcrumb\"},\"inLanguage\":\"pl-PL\",\"potentialAction\":[{\"@type\":\"ReadAction\",\"target\":[\"https:\\\/\\\/muremzapolskimmundurem.org\\\/\"]}]},{\"@type\":\"ImageObject\",\"inLanguage\":\"pl-PL\",\"@id\":\"https:\\\/\\\/muremzapolskimmundurem.org\\\/#primaryimage\",\"url\":\"https:\\\/\\\/muremzapolskimmundurem.org\\\/wp-content\\\/uploads\\\/2024\\\/06\\\/MuremZaPolskimMundurem-1200x628-2.jpg\",\"contentUrl\":\"https:\\\/\\\/muremzapolskimmundurem.org\\\/wp-content\\\/uploads\\\/2024\\\/06\\\/MuremZaPolskimMundurem-1200x628-2.jpg\",\"width\":1200,\"height\":628},{\"@type\":\"BreadcrumbList\",\"@id\":\"https:\\\/\\\/muremzapolskimmundurem.org\\\/#breadcrumb\",\"itemListElement\":[{\"@type\":\"ListItem\",\"position\":1,\"name\":\"Strona g\u0142\u00f3wna\",\"item\":\"https:\\\/\\\/muremzapolskimmundurem.org\\\/\"},{\"@type\":\"ListItem\",\"position\":2,\"name\":\"Strona g\u0142\u00f3wna\"}]},{\"@type\":\"WebSite\",\"@id\":\"https:\\\/\\\/muremzapolskimmundurem.org\\\/#website\",\"url\":\"https:\\\/\\\/muremzapolskimmundurem.org\\\/\",\"name\":\"Murem za Polskim Mundurem\",\"description\":\"\",\"potentialAction\":[{\"@type\":\"SearchAction\",\"target\":{\"@type\":\"EntryPoint\",\"urlTemplate\":\"https:\\\/\\\/muremzapolskimmundurem.org\\\/?s={search_term_string}\"},\"query-input\":{\"@type\":\"PropertyValueSpecification\",\"valueRequired\":true,\"valueName\":\"search_term_string\"}}],\"inLanguage\":\"pl-PL\"}]}<\/script>\n<!-- \/ Yoast SEO plugin. -->","yoast_head_json":{"title":"Murem za Polskim Mundurem","robots":{"index":"index","follow":"follow","max-snippet":"max-snippet:-1","max-image-preview":"max-image-preview:large","max-video-preview":"max-video-preview:-1"},"canonical":"https:\/\/muremzapolskimmundurem.org\/","og_locale":"pl_PL","og_type":"article","og_title":"Murem za Polskim Mundurem","og_description":"Sta\u0144 po stronie polskich \u017co\u0142nierzy","og_url":"https:\/\/muremzapolskimmundurem.org\/","og_site_name":"Murem za Polskim Mundurem","article_modified_time":"2024-06-06T15:35:05+00:00","og_image":[{"width":1200,"height":628,"url":"https:\/\/muremzapolskimmundurem.org\/wp-content\/uploads\/2024\/06\/MuremZaPolskimMundurem-1200x628-2.jpg","type":"image\/jpeg"}],"twitter_card":"summary_large_image","twitter_title":"Murem za Polskim Mundurem","twitter_description":"Sta\u0144 po stronie polskich \u017co\u0142nierzy","twitter_image":"https:\/\/muremzapolskimmundurem.org\/wp-content\/uploads\/2024\/06\/MuremZaPolskimMundurem-1200x628-2.jpg","twitter_misc":{"Szacowany czas czytania":"7 minut"},"schema":{"@context":"https:\/\/schema.org","@graph":[{"@type":"WebPage","@id":"https:\/\/muremzapolskimmundurem.org\/","url":"https:\/\/muremzapolskimmundurem.org\/","name":"Murem za Polskim Mundurem","isPartOf":{"@id":"https:\/\/muremzapolskimmundurem.org\/#website"},"primaryImageOfPage":{"@id":"https:\/\/muremzapolskimmundurem.org\/#primaryimage"},"image":{"@id":"https:\/\/muremzapolskimmundurem.org\/#primaryimage"},"thumbnailUrl":"https:\/\/muremzapolskimmundurem.org\/wp-content\/uploads\/2024\/06\/MuremZaPolskimMundurem-1200x628-2.jpg","datePublished":"2023-09-25T09:17:04+00:00","dateModified":"2024-06-06T15:35:05+00:00","breadcrumb":{"@id":"https:\/\/muremzapolskimmundurem.org\/#breadcrumb"},"inLanguage":"pl-PL","potentialAction":[{"@type":"ReadAction","target":["https:\/\/muremzapolskimmundurem.org\/"]}]},{"@type":"ImageObject","inLanguage":"pl-PL","@id":"https:\/\/muremzapolskimmundurem.org\/#primaryimage","url":"https:\/\/muremzapolskimmundurem.org\/wp-content\/uploads\/2024\/06\/MuremZaPolskimMundurem-1200x628-2.jpg","contentUrl":"https:\/\/muremzapolskimmundurem.org\/wp-content\/uploads\/2024\/06\/MuremZaPolskimMundurem-1200x628-2.jpg","width":1200,"height":628},{"@type":"BreadcrumbList","@id":"https:\/\/muremzapolskimmundurem.org\/#breadcrumb","itemListElement":[{"@type":"ListItem","position":1,"name":"Strona g\u0142\u00f3wna","item":"https:\/\/muremzapolskimmundurem.org\/"},{"@type":"ListItem","position":2,"name":"Strona g\u0142\u00f3wna"}]},{"@type":"WebSite","@id":"https:\/\/muremzapolskimmundurem.org\/#website","url":"https:\/\/muremzapolskimmundurem.org\/","name":"Murem za Polskim Mundurem","description":"","potentialAction":[{"@type":"SearchAction","target":{"@type":"EntryPoint","urlTemplate":"https:\/\/muremzapolskimmundurem.org\/?s={search_term_string}"},"query-input":{"@type":"PropertyValueSpecification","valueRequired":true,"valueName":"search_term_string"}}],"inLanguage":"pl-PL"}]}},"_links":{"self":[{"href":"https:\/\/muremzapolskimmundurem.org\/index.php?rest_route=\/wp\/v2\/pages\/10","targetHints":{"allow":["GET"]}}],"collection":[{"href":"https:\/\/muremzapolskimmundurem.org\/index.php?rest_route=\/wp\/v2\/pages"}],"about":[{"href":"https:\/\/muremzapolskimmundurem.org\/index.php?rest_route=\/wp\/v2\/types\/page"}],"author":[{"embeddable":true,"href":"https:\/\/muremzapolskimmundurem.org\/index.php?rest_route=\/wp\/v2\/users\/2"}],"replies":[{"embeddable":true,"href":"https:\/\/muremzapolskimmundurem.org\/index.php?rest_route=%2Fwp%2Fv2%2Fcomments&post=10"}],"version-history":[{"count":22,"href":"https:\/\/muremzapolskimmundurem.org\/index.php?rest_route=\/wp\/v2\/pages\/10\/revisions"}],"predecessor-version":[{"id":213,"href":"https:\/\/muremzapolskimmundurem.org\/index.php?rest_route=\/wp\/v2\/pages\/10\/revisions\/213"}],"wp:featuredmedia":[{"embeddable":true,"href":"https:\/\/muremzapolskimmundurem.org\/index.php?rest_route=\/wp\/v2\/media\/208"}],"wp:attachment":[{"href":"https:\/\/muremzapolskimmundurem.org\/index.php?rest_route=%2Fwp%2Fv2%2Fmedia&parent=10"}],"curies":[{"name":"wp","href":"https:\/\/api.w.org\/{rel}","templated":true}]}}